{"id":3035,"date":"2019-01-21T11:16:49","date_gmt":"2019-01-21T14:16:49","guid":{"rendered":"https:\/\/www3.prodalam.cl\/?page_id=3035"},"modified":"2026-04-15T09:13:28","modified_gmt":"2026-04-15T13:13:28","slug":"catalogos","status":"publish","type":"page","link":"https:\/\/www3.prodalam.cl\/es_cl\/catalogos\/","title":{"rendered":"Cat\u00e1logos"},"content":{"rendered":"<h1 style=\"text-align: center;\"><span style=\"color: #005eb8;\">Cat\u00e1logos<\/span><\/h1>\n<h4 style=\"text-align: center; color: #3f3f3f;\">Descarga a continuaci\u00f3n nuestros cat\u00e1logos de productos.<\/h4>\n<div class=\"row center text-center\">\n<div class=\"col-xs-12 col-md-3 col-xl-3 text-center center\" style=\"padding-bottom: 10px;\">\n<h5 style=\"color: #005eb8; text-decoration: underline;\"><a href=\"https:\/\/www3.prodalam.cl\/es_cl\/catalogos\/productos\/\">Productos<\/a><\/h5>\n<p><a href=\"https:\/\/www3.prodalam.cl\/es_cl\/catalogos\/productos\/\"><img loading=\"lazy\" class=\"alignnone wp-image-3051 size-medium\" src=\"https:\/\/www3.prodalam.cl\/wp-content\/uploads\/2019\/01\/catalogo-productos-231x300.png\" alt=\"\" width=\"231\" height=\"300\" srcset=\"https:\/\/www3.prodalam.cl\/wp-content\/uploads\/2019\/01\/catalogo-productos-231x300.png 231w, https:\/\/www3.prodalam.cl\/wp-content\/uploads\/2019\/01\/catalogo-productos.png 500w\" sizes=\"(max-width: 231px) 100vw, 231px\" \/><\/a><\/p>\n<\/div>\n<div class=\"col-xs-12 col-md-3 col-xl-3 text-center center\" style=\"padding-bottom: 10px;\">\n<h5 style=\"color: #005eb8; text-decoration: underline;\"><a href=\"https:\/\/www3.prodalam.cl\/es_cl\/catalogos\/aceros-y-productos-industriales\/\">Aceros y Productos Industriales<\/a><\/h5>\n<p><a href=\"https:\/\/www3.prodalam.cl\/es_cl\/catalogos\/aceros-y-productos-industriales\/\"><img loading=\"lazy\" class=\"alignnone wp-image-3046 size-medium\" src=\"https:\/\/www3.prodalam.cl\/wp-content\/uploads\/2019\/01\/catalogo-aceros-231x300.png\" alt=\"\" width=\"231\" height=\"300\" srcset=\"https:\/\/www3.prodalam.cl\/wp-content\/uploads\/2019\/01\/catalogo-aceros-231x300.png 231w, https:\/\/www3.prodalam.cl\/wp-content\/uploads\/2019\/01\/catalogo-aceros.png 500w\" sizes=\"(max-width: 231px) 100vw, 231px\" \/><\/a><\/p>\n<\/div>\n<div class=\"col-xs-12 col-md-3 col-xl-3 text-center center\" style=\"padding-bottom: 10px;\">\n<h5 style=\"color: #005eb8; text-decoration: underline;\"><a href=\"https:\/\/www3.prodalam.cl\/es_cl\/catalogos\/tecnico-vigas-de-acero\/\">T\u00e9cnico Vigas de Acero<\/a><\/h5>\n<p><a href=\"https:\/\/www3.prodalam.cl\/es_cl\/catalogos\/tecnico-vigas-de-acero\/\"><img loading=\"lazy\" class=\"alignnone wp-image-98258 size-medium\" src=\"https:\/\/www3.prodalam.cl\/wp-content\/uploads\/2019\/07\/catalogo-acero-vigas-acero-1-231x300.png\" alt=\"\" width=\"231\" height=\"300\" \/><\/a><\/p>\n<\/div>\n<div class=\"col-xs-12 col-md-3 col-xl-3 text-center center\" style=\"padding-bottom: 10px;\">\n<h5 style=\"color: #005eb8; text-decoration: underline;\"><a href=\"https:\/\/www3.prodalam.cl\/es_cl\/catalogos\/tecnico-productos-industriales\/\">T\u00e9cnico Productos Industriales<\/a><\/h5>\n<p><a href=\"https:\/\/www3.prodalam.cl\/es_cl\/catalogos\/tecnico-productos-industriales\/\"><img loading=\"lazy\" class=\"alignnone wp-image-98244 size-medium\" src=\"https:\/\/www3.prodalam.cl\/wp-content\/uploads\/2019\/07\/catalogo-acero-prods-ind-231x300.png\" alt=\"\" width=\"231\" height=\"300\" \/><\/a><\/p>\n<\/div>\n<div class=\"col-xs-12 col-md-3 col-xl-3 text-center center\" style=\"padding-bottom: 10px;\">\n<h5 style=\"color: #005eb8; text-decoration: underline;\"><a href=\"https:\/\/www3.prodalam.cl\/es_cl\/catalogos\/distribucion-y-agricola\/\">Cat\u00e1logo Distribuci\u00f3n y Agr\u00edcola<\/a><\/h5>\n<p><a href=\"https:\/\/www3.prodalam.cl\/es_cl\/catalogos\/distribucion-y-agricola\/\"><img loading=\"lazy\" class=\"alignnone wp-image-3048 size-medium\" src=\"https:\/\/prodalam-wordpress.s3.us-east-2.amazonaws.com\/wp-content\/uploads\/2022\/11\/29124739\/agricola-e1669736994273.png\" alt=\"\" width=\"231\" height=\"300\" \/><\/a><\/p>\n<\/div>\n<div class=\"col-xs-12 col-md-3 col-xl-3 text-center center\" style=\"padding-bottom: 10px;\">\n<h5 style=\"color: #005eb8; text-decoration: underline;\"><a href=\"https:\/\/www3.prodalam.cl\/es_cl\/catalogos\/cubiertas-habitacionales\/\">Cat\u00e1logo Cubiertas Habitacionales<\/a><\/h5>\n<p><a href=\"https:\/\/www3.prodalam.cl\/es_cl\/catalogos\/cubiertas-habitacionales\/\"><img loading=\"lazy\" class=\"alignnone wp-image-3047 size-medium\" src=\"https:\/\/www3.prodalam.cl\/wp-content\/uploads\/2019\/01\/catalogo-cubiertas-231x300.png\" alt=\"\" width=\"231\" height=\"300\" srcset=\"https:\/\/www3.prodalam.cl\/wp-content\/uploads\/2019\/01\/catalogo-cubiertas-231x300.png 231w, https:\/\/www3.prodalam.cl\/wp-content\/uploads\/2019\/01\/catalogo-cubiertas.png 500w\" sizes=\"(max-width: 231px) 100vw, 231px\" \/><\/a><\/p>\n<\/div>\n<div class=\"col-xs-12 col-md-3 col-xl-3 text-center center\" style=\"padding-bottom: 10px;\">\n<h5 style=\"color: #005eb8; text-decoration: underline;\"><a href=\"https:\/\/www3.prodalam.cl\/es_cl\/catalogos\/catalogo-de-hidraulica\/\">Cat\u00e1logo Hidr\u00e1ulica<\/a><\/h5>\n<p><a href=\"https:\/\/www3.prodalam.cl\/es_cl\/catalogos\/catalogo-de-hidraulica\/\"><img loading=\"lazy\" class=\"alignnone wp-image-3050 size-medium\" src=\"https:\/\/www3.prodalam.cl\/wp-content\/uploads\/2019\/01\/catalogo-hidraulica-2018-231x300.png\" alt=\"\" width=\"231\" height=\"300\" srcset=\"https:\/\/www3.prodalam.cl\/wp-content\/uploads\/2019\/01\/catalogo-hidraulica-2018-231x300.png 231w, https:\/\/www3.prodalam.cl\/wp-content\/uploads\/2019\/01\/catalogo-hidraulica-2018.png 500w\" sizes=\"(max-width: 231px) 100vw, 231px\" \/><\/a><\/p>\n<\/div>\n<div class=\"col-xs-12 col-md-3 col-xl-3 text-center center\" style=\"padding-bottom: 10px;\">\n<h5 style=\"color: #005eb8; text-decoration: underline;\"><a href=\"https:\/\/www3.prodalam.cl\/es_cl\/catalogos\/fijaciones\/\">Cat\u00e1logo Fijaciones<\/a><\/h5>\n<p><a href=\"https:\/\/www3.prodalam.cl\/es_cl\/catalogos\/fijaciones\/\"><img loading=\"lazy\" class=\"alignnone wp-image-3049 size-medium\" src=\"https:\/\/www3.prodalam.cl\/wp-content\/uploads\/2019\/01\/catalogo-fijaciones-231x300.png\" alt=\"\" width=\"231\" height=\"300\" srcset=\"https:\/\/www3.prodalam.cl\/wp-content\/uploads\/2019\/01\/catalogo-fijaciones-231x300.png 231w, https:\/\/www3.prodalam.cl\/wp-content\/uploads\/2019\/01\/catalogo-fijaciones.png 500w\" sizes=\"(max-width: 231px) 100vw, 231px\" \/><\/a><\/p>\n<\/div>\n<div class=\"col-xs-12 col-md-3 col-xl-3 text-center center\" style=\"padding-bottom: 10px;\">\n<h5 style=\"color: #005eb8; text-decoration: underline;\"><a href=\"https:\/\/www3.prodalam.cl\/es_cl\/catalogos\/mineria\/\">Cat\u00e1logo Miner\u00eda<\/a><\/h5>\n<p><a href=\"https:\/\/www3.prodalam.cl\/es_cl\/catalogos\/mineria\/\"><img loading=\"lazy\" class=\"alignnone wp-image-3049 size-medium\" src=\"https:\/\/prodalam-wordpress.s3.us-east-2.amazonaws.com\/wp-content\/uploads\/2023\/04\/20121056\/catalogomineria.png\" alt=\"\" width=\"231\" height=\"300\" \/><\/a><\/p>\n<\/div>\n<\/div>","protected":false},"excerpt":{"rendered":"<p>Cat\u00e1logos Descarga a continuaci\u00f3n nuestros cat\u00e1logos de productos. Productos Aceros y Productos Industriales T\u00e9cnico Vigas de Acero T\u00e9cnico Productos Industriales Cat\u00e1logo Distribuci\u00f3n y Agr\u00edcola Cat\u00e1logo Cubiertas Habitacionales Cat\u00e1logo Hidr\u00e1ulica Cat\u00e1logo Fijaciones Cat\u00e1logo Miner\u00eda<\/p>","protected":false},"author":11,"featured_media":0,"parent":0,"menu_order":0,"comment_status":"closed","ping_status":"closed","template":"","meta":[],"_links":{"self":[{"href":"https:\/\/www3.prodalam.cl\/es_cl\/wp-json\/wp\/v2\/pages\/3035"}],"collection":[{"href":"https:\/\/www3.prodalam.cl\/es_cl\/wp-json\/wp\/v2\/pages"}],"about":[{"href":"https:\/\/www3.prodalam.cl\/es_cl\/wp-json\/wp\/v2\/types\/page"}],"author":[{"embeddable":true,"href":"https:\/\/www3.prodalam.cl\/es_cl\/wp-json\/wp\/v2\/users\/11"}],"replies":[{"embeddable":true,"href":"https:\/\/www3.prodalam.cl\/es_cl\/wp-json\/wp\/v2\/comments?post=3035"}],"version-history":[{"count":50,"href":"https:\/\/www3.prodalam.cl\/es_cl\/wp-json\/wp\/v2\/pages\/3035\/revisions"}],"predecessor-version":[{"id":111347,"href":"https:\/\/www3.prodalam.cl\/es_cl\/wp-json\/wp\/v2\/pages\/3035\/revisions\/111347"}],"wp:attachment":[{"href":"https:\/\/www3.prodalam.cl\/es_cl\/wp-json\/wp\/v2\/media?parent=3035"}],"curies":[{"name":"wp","href":"https:\/\/api.w.org\/{rel}","templated":true}]}}