{"id":3260,"date":"2019-02-11T16:53:31","date_gmt":"2019-02-11T19:53:31","guid":{"rendered":"https:\/\/www3.prodalam.cl\/?page_id=3260"},"modified":"2023-12-07T11:21:09","modified_gmt":"2023-12-07T14:21:09","slug":"nuestra-empresa","status":"publish","type":"page","link":"https:\/\/www3.prodalam.cl\/es_cl\/nuestra-empresa\/","title":{"rendered":"Nuestra Empresa"},"content":{"rendered":"<section class=\"sh-section sh-section-79f4f1df8b304ba0751261a599dbf3a4 fw-main-row sh-section-visibility-everywhere\">\r\n\t\r\n\t\r\n\t<div class=\"sh-section-container container\">\r\n\t\t<div class=\"fw-row\">\n\t\r\n<div class=\"sh-column sh-column-d58c32a1c902f31d5acf8ff02b3f12f6 fw-col-xs-12\" >\r\n\r\n\t\r\n\t<div class=\"sh-column-wrapper\">\r\n\t\t\r\n<div id=\"text-block-cbec6a46db4f6745072d682214201daf\" class=\"sh-text-block\">\r\n\t<h1 style=\"text-align: left;\"><span style=\"color: #005eb8;\">Acerca de Prodalam<\/span><\/h1><\/div>\r\n\t<\/div>\r\n<\/div>\r\n<\/div>\n\n<div class=\"fw-row\">\n\t\r\n<div class=\"sh-column sh-column-22d1886bbae3b7d9b22704f1383d097f fw-col-xs-12 fw-col-sm-6\" >\r\n\r\n\t\r\n\t<div class=\"sh-column-wrapper\">\r\n\t\t\r\n<div id=\"text-block-d9a398e66a131272425cde2060698c9f\" class=\"sh-text-block\">\r\n\t<h4>NUESTRO COMPROMISO:<\/h4><p>Por m\u00e1s de 50 a\u00f1os hemos entregado soluciones innovadoras, rentables y confiables. Ponemos en disposici\u00f3n inmediata el m\u00e1s alto mix especialista en productos de Alambres, Cercos, Aceros, Refuerzos de Hormig\u00f3n e Insumos a trav\u00e9s de nuestra red de Sucursales.<\/p><p>Lideramos el mercado de la Agricultura, Construcci\u00f3n, Industria, Pesca y Miner\u00eda, desarrollando marcas de clase mundial, introduciendo tendencias y nuevas tecnolog\u00edas que permite a nuestros clientes aprovechar las ventajas y oportunidades propias de su sector.<\/p><p>Nuestra red experta con sucursales desde Arica a Punta Arenas; 3 centros de distribuci\u00f3n ubicados en Santiago, Antofagasta y Concepci\u00f3n; y una log\u00edstica desarrollada con nuestros proveedores permiten abastecer los principales centros de actividad econ\u00f3mica del pa\u00eds.<\/p><\/div>\r\n\t<\/div>\r\n<\/div>\r\n\r\n<div class=\"sh-column sh-column-c0394e8cd9530d1e0aa4fd48c4a43a63 fw-col-xs-12 fw-col-sm-6\" >\r\n\r\n\t\r\n\t<div class=\"sh-column-wrapper\">\r\n\t\t\r\n<div id=\"text-block-3ab3e461b6be37b5126c85aa8602f121\" class=\"sh-text-block\">\r\n\t<p><img class=\"alignnone wp-image-3261\" src=\"https:\/\/www3.prodalam.cl\/wp-content\/uploads\/2019\/02\/nuestra-empresa.jpg\" alt=\"Prodalam\" width=\"100%\" height=\"100%\" \/><\/p><\/div>\r\n\t<\/div>\r\n<\/div>\r\n<\/div>\n\n<div class=\"fw-row\">\n\t\r\n<div class=\"sh-column sh-column-5cc375cd9ceb7f43e4cbef29257cc729 fw-col-xs-12\" >\r\n\r\n\t\r\n\t<div class=\"sh-column-wrapper\">\r\n\t\t\r\n<div id=\"text-block-4e6a00b629fde0caf3bdf81a380c4481\" class=\"sh-text-block\">\r\n\t<p>Nuestra gente, cercana, capacitada y dispuesta para apoyar y asesorar en terreno a nuestros clientes, se suma a una completa infraestructura garantizando el suministro, env\u00edo y disponibilidad en cualquier punto del pa\u00eds.<\/p><p>Nuestra red experta con sucursales desde Arica a Punta Arenas; 3 centros de distribuci\u00f3n ubicados en Santiago, Antofagasta y Concepci\u00f3n; y una log\u00edstica desarrollada con nuestros proveedores permiten abastecer los principales centros de actividad econ\u00f3mica del pa\u00eds.<\/p><\/div>\r\n\t<\/div>\r\n<\/div>\r\n<\/div>\n\n<div class=\"fw-row\">\n\t\r\n<div class=\"sh-column sh-column-af2f42c5deb33ef2e2dd314fe3ac61a8 fw-col-xs-12 fw-col-sm-6\" >\r\n\r\n\t\r\n\t<div class=\"sh-column-wrapper\">\r\n\t\t\r\n<div id=\"text-block-ca1914d3227eefd3c6215e89c0ee126d\" class=\"sh-text-block\">\r\n\t<h4>DEFINICI\u00d3N:<\/h4><p>Una red comercial especializada en alambres y aceros. Parte de un grupo de empresas con presencia global.<\/p><\/div>\r\n\t<\/div>\r\n<\/div>\r\n\r\n<div class=\"sh-column sh-column-513d72fc1c45536b1844353ca7cc0e04 fw-col-xs-12 fw-col-sm-6\" >\r\n\r\n\t\r\n\t<div class=\"sh-column-wrapper\">\r\n\t\t\r\n<div id=\"text-block-4e49a1800ea9d0c3c30f56db6d0d44a6\" class=\"sh-text-block\">\r\n\t<h4>MISI\u00d3N:<\/h4><p>Nuestro prop\u00f3sito es ayudar a que nuestros clientes tengan \u00e9xito en sus negocios ofreciendo productos de calidad y soluciones completas, conect\u00e1ndolos eficientemente a las mejores marcas y proveedores de Chile y el mundo.<\/p><div id=\"gtx-trans\" style=\"position: absolute; left: 86px; top: -10px;\"><div class=\"gtx-trans-icon\"><\/div><\/div><\/div>\r\n\t<\/div>\r\n<\/div>\r\n<\/div>\n\n<div class=\"fw-row\">\n\t\r\n<div class=\"sh-column sh-column-00aaf67da7b6321f929b8905a04ff006 fw-col-xs-12\" >\r\n\r\n\t\r\n\t<div class=\"sh-column-wrapper\">\r\n\t\t\r\n<div class=\"sh-empty-space\" id=\"empty-space-9542394000d66e6b25d60cace57b71ae\"><\/div>\r\n\t<\/div>\r\n<\/div>\r\n<\/div>\n\n<div class=\"fw-row\">\n\t\r\n<div class=\"sh-column sh-column-7ffc1a2f4260a6db11815eb39651ec08 fw-col-xs-12 fw-col-sm-3\" >\r\n\r\n\t\r\n\t<div class=\"sh-column-wrapper\">\r\n\t\t\r\n<div id=\"text-block-0bbd1e6a6de2472d540d6bd62c3c5b7d\" class=\"sh-text-block\">\r\n\t<p><img class=\"alignnone size-medium wp-image-111110\" src=\"https:\/\/prodalam-wordpress.s3.us-east-2.amazonaws.com\/wp-content\/uploads\/2023\/11\/16230024\/Logo-Firme-Prodalam-300x298.png\" alt=\"\" width=\"85%\" \/><\/p><\/div>\r\n\t<\/div>\r\n<\/div>\r\n\r\n<div class=\"sh-column sh-column-aa0968e149ec20e0ae326c76d87d77aa fw-col-xs-12 fw-col-sm-9\" >\r\n\r\n\t\r\n\t<div class=\"sh-column-wrapper\">\r\n\t\t\r\n<div id=\"text-block-dd93982012f70b22a2cf4906d1e1ce78\" class=\"sh-text-block\">\r\n\t<h1 style=\"text-align: left;\"><span style=\"color: #005eb8;\">A PASO FIRME CON NUESTROS VALORES<\/span><\/h1><p>FIRME es un acr\u00f3nimo que re\u00fane los 5 valores de Prodalam, lo que nos orientar\u00e1n a lograr nuestras metas, crear un sentido de compromiso entre nosotros y as\u00ed generar negocios exitosos.<\/p><ul><li>Foco en el cliente<\/li><li>Integridad<\/li><li>Responsabilidad en la seguridad<\/li><li>Mutua colaboraci\u00f3n<\/li><li>Excelencia<\/li><\/ul><\/div>\r\n\t<\/div>\r\n<\/div>\r\n<\/div>\n\n<div class=\"fw-row\">\n\t\r\n<div class=\"sh-column sh-column-00aaf67da7b6321f929b8905a04ff006 fw-col-xs-12\" >\r\n\r\n\t\r\n\t<div class=\"sh-column-wrapper\">\r\n\t\t\r\n<div id=\"divider-63ba385c692a442a4ed7e094af55f1a3\" class=\"sh-divider sh-divider-center sh-divider-content-none\">\r\n\t\t\t<div class=\"sh-divider-line\"><\/div>\r\n\t<\/div>\r\n\t<\/div>\r\n<\/div>\r\n<\/div>\n\n<div class=\"fw-row\">\n\t\r\n<div class=\"sh-column sh-column-9e614a1c60ee09d0ad0ae09e3f2d76c2 fw-col-xs-12\" >\r\n\r\n\t\r\n\t<div class=\"sh-column-wrapper\">\r\n\t\t\r\n<div id=\"text-block-f9eb563835d94b5e99e10c095b450903\" class=\"sh-text-block\">\r\n\t<p><img class=\"wp-image-111141 size-medium alignleft\" src=\"https:\/\/prodalam-wordpress.s3.us-east-2.amazonaws.com\/wp-content\/uploads\/2023\/11\/17174206\/FocoCliente-Prodalam-300x297.png\" alt=\"\" width=\"100\" height=\"109\" \/><br \/><span style=\"vertical-align: inherit;\">El cliente est\u00e1 en el centro de nuestras acciones. <b>Actuamos amable y proactivamente en buscar soluciones ante las necesidades de los clientes<\/b> internos y externos, estableciendo acuerdos que se puedan cumplir.<\/span><\/p><\/div>\r\n\t<\/div>\r\n<\/div>\r\n<\/div>\n\n<div class=\"fw-row\">\n\t\r\n<div class=\"sh-column sh-column-00aaf67da7b6321f929b8905a04ff006 fw-col-xs-12\" >\r\n\r\n\t\r\n\t<div class=\"sh-column-wrapper\">\r\n\t\t\r\n<div id=\"divider-94120aef0caaa9c38cbc6ea64d52a649\" class=\"sh-divider sh-divider-center sh-divider-content-none\">\r\n\t\t\t<div class=\"sh-divider-line\"><\/div>\r\n\t<\/div>\r\n\t<\/div>\r\n<\/div>\r\n<\/div>\n\n<div class=\"fw-row\">\n\t\r\n<div class=\"sh-column sh-column-27c1eb8b7cd7cfaf13a2f83d613ba6ad fw-col-xs-12\" >\r\n\r\n\t\r\n\t<div class=\"sh-column-wrapper\">\r\n\t\t\r\n<div id=\"text-block-111ef1de0d36da93ff5ba076f28680d7\" class=\"sh-text-block\">\r\n\t<p><img class=\"wp-image-111142 size-medium alignleft\" src=\"https:\/\/prodalam-wordpress.s3.us-east-2.amazonaws.com\/wp-content\/uploads\/2023\/11\/17174402\/Integridad-Prodalam-300x297.png\" alt=\"\" width=\"100\" height=\"109\" \/><br \/><span style=\"vertical-align: inherit;\"><span style=\"vertical-align: inherit;\"><span style=\"vertical-align: inherit;\">Hacemos lo correcto, <\/span><\/span><b><span style=\"vertical-align: inherit;\"><span style=\"vertical-align: inherit;\">trabajamos de forma honesta, \u00e9tica, respetuosa y profesional<\/span><\/span><\/b><span style=\"vertical-align: inherit;\"><span style=\"vertical-align: inherit;\"> con nuestros clientes y grupos de inter\u00e9s, cumpliendo con nuestras responsabilidades y deberes.<\/span><\/span><\/span><\/p><\/div>\r\n\t<\/div>\r\n<\/div>\r\n<\/div>\n\n<div class=\"fw-row\">\n\t\r\n<div class=\"sh-column sh-column-00aaf67da7b6321f929b8905a04ff006 fw-col-xs-12\" >\r\n\r\n\t\r\n\t<div class=\"sh-column-wrapper\">\r\n\t\t\r\n<div id=\"divider-d821b17bb246079ad7e41905afd00bce\" class=\"sh-divider sh-divider-center sh-divider-content-none\">\r\n\t\t\t<div class=\"sh-divider-line\"><\/div>\r\n\t<\/div>\r\n\t<\/div>\r\n<\/div>\r\n<\/div>\n\n<div class=\"fw-row\">\n\t\r\n<div class=\"sh-column sh-column-a6392fcacfe17325d6373beae6423b7c fw-col-xs-12\" >\r\n\r\n\t\r\n\t<div class=\"sh-column-wrapper\">\r\n\t\t\r\n<div id=\"text-block-bd3e583dd2799e78f80783dd8d2d3043\" class=\"sh-text-block\">\r\n\t<p><img class=\"wp-image-111145 size-medium alignleft\" src=\"https:\/\/prodalam-wordpress.s3.us-east-2.amazonaws.com\/wp-content\/uploads\/2023\/11\/17174700\/Responsabilidad-Seguridad-Prodalam-300x297.png\" alt=\"\" width=\"100\" height=\"109\" \/><br \/><span style=\"vertical-align: inherit;\">Generamos y promovemos un <b>ambiente seguro y libre de accidentes<\/b> para clientes, proveedores y colaboradores. <b>Actuamos con estricto apego a las normativas y pol\u00edticas de prevenci\u00f3n de riesgos<\/b> en las diferentes instalaciones y espacios de la empresa.<\/span><\/p><\/div>\r\n\t<\/div>\r\n<\/div>\r\n<\/div>\n\n<div class=\"fw-row\">\n\t\r\n<div class=\"sh-column sh-column-00aaf67da7b6321f929b8905a04ff006 fw-col-xs-12\" >\r\n\r\n\t\r\n\t<div class=\"sh-column-wrapper\">\r\n\t\t\r\n<div id=\"divider-7fb20caa709f660aff2c99308737edf7\" class=\"sh-divider sh-divider-center sh-divider-content-none\">\r\n\t\t\t<div class=\"sh-divider-line\"><\/div>\r\n\t<\/div>\r\n\t<\/div>\r\n<\/div>\r\n<\/div>\n\n<div class=\"fw-row\">\n\t\r\n<div class=\"sh-column sh-column-1b896be679cdf5d7a20a2916f99d1e8f fw-col-xs-12\" >\r\n\r\n\t\r\n\t<div class=\"sh-column-wrapper\">\r\n\t\t\r\n<div id=\"text-block-59a05e1aca3637b5b7f6a4faea3f24c5\" class=\"sh-text-block\">\r\n\t<p><img class=\"wp-image-111144 size-medium alignleft\" src=\"https:\/\/prodalam-wordpress.s3.us-east-2.amazonaws.com\/wp-content\/uploads\/2023\/11\/17174542\/Mutua-Colaboracion-Prodalam-300x297.png\" alt=\"\" width=\"100\" height=\"109\" \/><br \/><span style=\"vertical-align: inherit;\">Estamos dispuestos a <b>colaborar, ofrecer y pedir ayuda<\/b> cuando sea necesario. Promovemos el trabajo en equipo, el <b>respeto mutuo<\/b> y la <b>comunicaci\u00f3n<\/b> porque entendemos que es la \u00fanica forma de cumplir nuestros objetivos y alcanzar resultados superiores.<\/span><\/p><\/div>\r\n\t<\/div>\r\n<\/div>\r\n<\/div>\n\n<div class=\"fw-row\">\n\t\r\n<div class=\"sh-column sh-column-00aaf67da7b6321f929b8905a04ff006 fw-col-xs-12\" >\r\n\r\n\t\r\n\t<div class=\"sh-column-wrapper\">\r\n\t\t\r\n<div id=\"divider-62137c1f45d375ec3e42a74289f2919b\" class=\"sh-divider sh-divider-center sh-divider-content-none\">\r\n\t\t\t<div class=\"sh-divider-line\"><\/div>\r\n\t<\/div>\r\n\t<\/div>\r\n<\/div>\r\n<\/div>\n\n<div class=\"fw-row\">\n\t\r\n<div class=\"sh-column sh-column-1c077c0dc1e4920617a717ed4361cff6 fw-col-xs-12\" >\r\n\r\n\t\r\n\t<div class=\"sh-column-wrapper\">\r\n\t\t\r\n<div id=\"text-block-542402b809bd6c05aef5a806c5e6ed5d\" class=\"sh-text-block\">\r\n\t<p><img class=\"wp-image-111143 size-medium alignleft\" src=\"https:\/\/prodalam-wordpress.s3.us-east-2.amazonaws.com\/wp-content\/uploads\/2023\/11\/17174456\/Excelencia-Prodalam-300x297.png\" alt=\"\" width=\"100\" height=\"109\" \/><br \/><span style=\"vertical-align: inherit;\">Nuestro trabajo implica: <b>dedicaci\u00f3n, esfuerzo, capacitaci\u00f3n y cuidado<\/b> para lograr un nivel superior de servicio a clientes internos y externos en beneficio a la <b>innovaci\u00f3n<\/b> y contribuci\u00f3n en nuestra labor diaria. <\/span><\/p><\/div>\r\n\t<\/div>\r\n<\/div>\r\n<\/div>\n\n<div class=\"fw-row\">\n\t\r\n<div class=\"sh-column sh-column-00aaf67da7b6321f929b8905a04ff006 fw-col-xs-12\" >\r\n\r\n\t\r\n\t<div class=\"sh-column-wrapper\">\r\n\t\t\r\n<div id=\"divider-c91ba5772b01d8ff61c5a6dd0359c50a\" class=\"sh-divider sh-divider-center sh-divider-content-none\">\r\n\t\t\t<div class=\"sh-divider-line\"><\/div>\r\n\t<\/div>\r\n\t<\/div>\r\n<\/div>\r\n<\/div>\n\n\t<\/div>\r\n<\/section>","protected":false},"excerpt":{"rendered":"<p>Acerca de Prodalam NUESTRO COMPROMISO:Por m\u00e1s de 50 a\u00f1os hemos entregado soluciones innovadoras, rentables y confiables. Ponemos en disposici\u00f3n inmediata el m\u00e1s alto mix especialista en productos de Alambres, Cercos, Aceros, Refuerzos de Hormig\u00f3n e Insumos a trav\u00e9s de nuestra red de Sucursales.Lideramos el mercado&#8230;<\/p>","protected":false},"author":11,"featured_media":0,"parent":0,"menu_order":0,"comment_status":"closed","ping_status":"closed","template":"","meta":[],"_links":{"self":[{"href":"https:\/\/www3.prodalam.cl\/es_cl\/wp-json\/wp\/v2\/pages\/3260"}],"collection":[{"href":"https:\/\/www3.prodalam.cl\/es_cl\/wp-json\/wp\/v2\/pages"}],"about":[{"href":"https:\/\/www3.prodalam.cl\/es_cl\/wp-json\/wp\/v2\/types\/page"}],"author":[{"embeddable":true,"href":"https:\/\/www3.prodalam.cl\/es_cl\/wp-json\/wp\/v2\/users\/11"}],"replies":[{"embeddable":true,"href":"https:\/\/www3.prodalam.cl\/es_cl\/wp-json\/wp\/v2\/comments?post=3260"}],"version-history":[{"count":112,"href":"https:\/\/www3.prodalam.cl\/es_cl\/wp-json\/wp\/v2\/pages\/3260\/revisions"}],"predecessor-version":[{"id":111109,"href":"https:\/\/www3.prodalam.cl\/es_cl\/wp-json\/wp\/v2\/pages\/3260\/revisions\/111109"}],"wp:attachment":[{"href":"https:\/\/www3.prodalam.cl\/es_cl\/wp-json\/wp\/v2\/media?parent=3260"}],"curies":[{"name":"wp","href":"https:\/\/api.w.org\/{rel}","templated":true}]}}